{"id":1715,"date":"2026-04-02T10:47:08","date_gmt":"2026-04-02T10:47:08","guid":{"rendered":"https:\/\/pwent.lionstackailab.hu\/?post_type=tudasbazis&#038;p=1715"},"modified":"2026-04-02T10:47:09","modified_gmt":"2026-04-02T10:47:09","slug":"gazbiztonsagi-szabvanyok-es-szabalyozasok","status":"publish","type":"tudasbazis","link":"https:\/\/pwent.lionstackailab.hu\/en\/tudasbazis\/gazbiztonsagi-szabvanyok-es-szabalyozasok\/","title":{"rendered":"Gas safety standards and regulations"},"content":{"rendered":"<p><strong>A g\u00e1zbiztons\u00e1gi szabv\u00e1nyok \u00e9s szab\u00e1lyoz\u00e1sok elengedhetetlen szerepet j\u00e1tszanak a g\u00e1zsz\u00e1ll\u00edt\u00e1si \u00e1gazatban. Ezek az el\u0151\u00edr\u00e1sok biztos\u00edtj\u00e1k a lehets\u00e9ges balesetek, a k\u00f6rnyezetszennyez\u00e9s \u00e9s a s\u00e9r\u00fcl\u00e9sek elker\u00fcl\u00e9s\u00e9t, mik\u00f6zben hozz\u00e1j\u00e1rulnak a szektor hat\u00e9kony \u00e9s megb\u00edzhat\u00f3 m\u0171k\u00f6d\u00e9s\u00e9hez. Cikk\u00fcnkben az orsz\u00e1gos \u00e9s nemzetk\u00f6zi g\u00e1zsz\u00e1ll\u00edt\u00e1s legfontosabb szab\u00e1lyoz\u00e1sait tekintj\u00fck \u00e1t.<\/strong><\/p>\n\n\n\n<p>A nemzetk\u00f6zi <a href=\"https:\/\/www.iea.org\/policies\/13476-gas-safety-management-regulations\">g\u00e1zbiztons\u00e1gi \u00e9s kezel\u00e9si szab\u00e1lyoz\u00e1sok<\/a> az \u00e1gazat kiegyens\u00falyozott n\u00f6veked\u00e9s\u00e9nek \u00e9s biztons\u00e1gos m\u0171k\u00f6d\u00e9s\u00e9nek alappill\u00e9rei. <strong>Az olyan glob\u00e1lis sztenderdek, mint p\u00e9ld\u00e1ul az <\/strong><a href=\"https:\/\/www.api.org\/products-and-services\/standards\/global-standards\"><strong>API szabv\u00e1nyok fontoss\u00e1ga<\/strong><\/a><strong> felbecs\u00fclhetetlen, hiszen ezek biztos\u00edtj\u00e1k a probl\u00e9mamentes m\u0171k\u00f6d\u00e9st, mik\u00f6zben hangs\u00falyozz\u00e1k a g\u00e1zk\u00e9sz\u00fcl\u00e9kek rendszeres karbantart\u00e1s\u00e1nak fontoss\u00e1g\u00e1t a biztons\u00e1g \u00e9rdek\u00e9ben.<\/strong><\/p>\n\n\n\n<p>De melyek a legfontosabb ir\u00e1nymutat\u00e1sok, \u00e9s hogyan seg\u00edtik ezek az ipar\u00e1g megfelel\u0151 m\u0171k\u00f6d\u00e9s\u00e9t? Mi a <a href=\"https:\/\/pwent.eu\/a-gazpalackok-jelentosege-a-kulonbozo-iparagakban\/\">min\u0151s\u00e9gi g\u00e1zpalackok jelent\u0151s\u00e9ge<\/a> a szektor hat\u00e9konys\u00e1g\u00e1nak biztos\u00edt\u00e1s\u00e1ban?<\/p>\n\n\n\n<h3 class=\"wp-block-heading\">1. G\u00e1zsz\u00e1ll\u00edt\u00e1s az Eur\u00f3pai Uni\u00f3ban<\/h3>\n\n\n\n<p><strong>A 2008\/68 ir\u00e1nyelv az eur\u00f3pai k\u00f6zutak g\u00e1zbiztons\u00e1gi szab\u00e1lyoz\u00e1s\u00e1nak sarokk\u00f6ve.<\/strong> A g\u00e1zok k\u00f6z\u00fati, vas\u00fati \u00e9s belv\u00edzi sz\u00e1ll\u00edt\u00e1s\u00e1val kapcsolatban fogalmaz meg \u00e1ltal\u00e1nos szab\u00e1lyokat az EU tag\u00e1llamain bel\u00fcl, illetve azok k\u00f6z\u00f6tt.<\/p>\n\n\n\n<p>Az ir\u00e1nyelvet a vesz\u00e9lyes anyagok mozgat\u00e1s\u00e1val \u00f6sszef\u00fcgg\u0151 kock\u00e1zatok megel\u0151z\u00e9se \u00e9rdek\u00e9ben fogadt\u00e1k el 2008-ban, \u00e9s az\u00f3ta is kulcsfontoss\u00e1g\u00fa szerepet j\u00e1tszik mind a g\u00e1zbiztons\u00e1gi szabv\u00e1nyok betartat\u00e1s\u00e1ban, mind pedig a sz\u00e1ll\u00edt\u00e1si h\u00e1l\u00f3zat kiegyens\u00falyozott m\u0171k\u00f6d\u00e9s\u00e9ben.<\/p>\n\n\n\n<h4 class=\"wp-block-heading\">Fontos rendelkez\u00e9sek \u00e9s ir\u00e1nymutat\u00e1sok<\/h4>\n\n\n\n<p>A 2008\/68 ir\u00e1nyelv l\u00e9nyeg\u00e9ben k\u00f6z\u00f6s szab\u00e1lyokat \u00e1llap\u00edt meg a g\u00e1zsz\u00e1ll\u00edt\u00e1s k\u00fcl\u00f6nb\u00f6z\u0151 fontos vonatkoz\u00e1saival kapcsolatban. <strong>A szab\u00e1lyoz\u00e1sok magukban foglalj\u00e1k a be- \u00e9s kirakod\u00e1si elj\u00e1r\u00e1sok protokolljait, az \u00e1trakod\u00e1si ir\u00e1nyelveket, valamint a tranzit k\u00f6zbeni meghat\u00e1rozott meg\u00e1ll\u00e1sra vonatkoz\u00f3 k\u00f6vetelm\u00e9nyeket.<\/strong><\/p>\n\n\n\n<p>A sz\u00e1ll\u00edt\u00e1si folyamat egyes szakaszaira vonatkoz\u00f3 egy\u00e9rtelm\u0171 ir\u00e1nymutat\u00e1sok meghat\u00e1roz\u00e1s\u00e1val az ir\u00e1nyelv c\u00e9lja a lehets\u00e9ges vesz\u00e9lyek cs\u00f6kkent\u00e9se, illetve a g\u00e1zok biztons\u00e1gos \u00e9s hat\u00e9kony sz\u00e1ll\u00edt\u00e1sa az eur\u00f3pai utakon.<\/p>\n\n\n\n<h4 class=\"wp-block-heading\">Kiv\u00e9telek \u00e9s mentess\u00e9gek<\/h4>\n\n\n\n<p><strong>\u00c1tfog\u00f3 hat\u00e1lya ellen\u00e9re a 2008\/68 ir\u00e1nyelv tartalmaz bizonyos kiv\u00e9teleket \u00e9s mentess\u00e9geket. Kiz\u00e1rja p\u00e9ld\u00e1ul a vesz\u00e9lyes \u00e1ruknak a fegyveres er\u0151k joghat\u00f3s\u00e1ga al\u00e1 tartoz\u00f3 j\u00e1rm\u0171vekkel, vagonokkal vagy haj\u00f3kkal t\u00f6rt\u00e9n\u0151 sz\u00e1ll\u00edt\u00e1s\u00e1t.<\/strong><\/p>\n\n\n\n<p>A tengeri haj\u00f3k bizonyos kateg\u00f3ri\u00e1i, mint p\u00e9ld\u00e1ul a belv\u00edzi utakon k\u00f6zleked\u0151 tengerj\u00e1r\u00f3 haj\u00f3k, \u00e9s a kiz\u00e1r\u00f3lag belv\u00edzi \u00fatvonalakon k\u00f6zleked\u0151 kompok szint\u00e9n nem tartoznak az ir\u00e1nyelv hat\u00e1lya al\u00e1. Ezenk\u00edv\u00fcl a z\u00e1rt ter\u00fcleteken, p\u00e9ld\u00e1ul ipari l\u00e9tes\u00edtm\u00e9nyekben vagy rakt\u00e1rakban t\u00f6rt\u00e9n\u0151 sz\u00e1ll\u00edt\u00e1sra sem vonatkoznak a 2008\/68 ir\u00e1nyelvben meghat\u00e1rozott szab\u00e1lyoz\u00e1si k\u00f6vetelm\u00e9nyek.<\/p>\n\n\n\n<h4 class=\"wp-block-heading\">Speci\u00e1lis sz\u00e1ll\u00edt\u00e1si esetek<\/h4>\n\n\n\n<p><strong>A szab\u00e1lyoz\u00e1sban szerepl\u0151 kiv\u00e9telek is r\u00e1mutatnak, hogy vannak olyan speci\u00e1lis forgat\u00f3k\u00f6nyvek, amelyek eset\u00e9ben \u00e1rnyaltabb el\u0151\u00edr\u00e1sok alkalmaz\u00e1sa sz\u00fcks\u00e9ges.<\/strong><\/p>\n\n\n\n<p>B\u00e1r a fegyveres er\u0151k p\u00e9ld\u00e1ul mentes\u00fclhetnek bizonyos rendelkez\u00e9sek al\u00f3l, tov\u00e1bbra is elv\u00e1rj\u00e1k t\u0151l\u00fck, hogy betarts\u00e1k a nemzeti hat\u00f3s\u00e1gok \u00e1ltal meg\u00e1llap\u00edtott szigor\u00fa biztons\u00e1gi protokollokat. A belv\u00edzi utakon k\u00f6zleked\u0151 tengeri haj\u00f3knak szint\u00e9n meg kell felelni\u00fck a r\u00e1juk vonatkoz\u00f3 szab\u00e1lyoz\u00e1si kereteknek.<\/p>\n\n\n\n<h4 class=\"wp-block-heading\">Az \u00e1tl\u00e1that\u00f3s\u00e1g biztos\u00edt\u00e1sa<\/h4>\n\n\n\n<p>A k\u00f6z\u00f6s szab\u00e1lyok \u00e9s ir\u00e1nymutat\u00e1sok biztos\u00edt\u00e1s\u00e1val az ir\u00e1nyelv el\u0151seg\u00edti a tag\u00e1llamok k\u00f6z\u00f6tti \u00e1tj\u00e1rhat\u00f3s\u00e1got \u00e9s egy\u00fcttm\u0171k\u00f6d\u00e9st, ez\u00e1ltal fokozza a g\u00e1zsz\u00e1ll\u00edt\u00e1si m\u0171veletek \u00e1ltal\u00e1nos biztons\u00e1g\u00e1t.<\/p>\n\n\n\n<figure class=\"wp-block-image aligncenter\"><a href=\"https:\/\/pwent.eu\/wp-content\/uploads\/2024\/05\/3d-rendering-gas-cylinder-scaled.jpeg\"><img decoding=\"async\" src=\"https:\/\/pwent.eu\/wp-content\/uploads\/2024\/05\/3d-rendering-gas-cylinder-1024x731.jpeg\" alt=\"Az egys\u00e9ges biztons\u00e1gi el\u0151\u00edr\u00e1sok megk\u00f6nny\u00edtik a hat\u00e1rokon \u00e1t\u00edvel\u0151 kereskedelmet.\" class=\"wp-image-17618\"\/><\/a><\/figure>\n\n\n\n<h3 class=\"wp-block-heading\">2. Eur\u00f3pai g\u00e1zbiztons\u00e1g orsz\u00e1gos szinten<\/h3>\n\n\n\n<p>Nemzeti szinten az uni\u00f3s orsz\u00e1gok tov\u00e1bbra is \u00f6n\u00e1ll\u00f3an d\u00f6nthetnek saj\u00e1t, egyedi g\u00e1zbiztons\u00e1gi szab\u00e1lyoz\u00e1saikr\u00f3l.<\/p>\n\n\n\n<p><strong>Az EU \u00e1ltal meghat\u00e1rozott \u00e1tfog\u00f3 ir\u00e1nyelvek betart\u00e1sa mellett a tag\u00e1llamok jogosultak arra, hogy az orsz\u00e1ghat\u00e1rokon bel\u00fcl szab\u00e1lyozz\u00e1k vagy ak\u00e1r be is tilts\u00e1k a vesz\u00e9lyes \u00e1ruk, k\u00f6zt\u00fck a g\u00e1zok sz\u00e1ll\u00edt\u00e1s\u00e1t.<\/strong> E szab\u00e1lyoz\u00e1sok h\u00e1tter\u00e9ben a k\u00f6zleked\u00e9sbiztons\u00e1gon t\u00falmutat\u00f3 szempontok is \u00e1llhatnak, mint p\u00e9ld\u00e1ul a k\u00f6rnyezetv\u00e9delem vagy a nemzetbiztons\u00e1g, ami a g\u00e1zbiztons\u00e1gi szab\u00e1lyoz\u00e1sok sokr\u00e9t\u0171 jelleg\u00e9re mutat r\u00e1.<\/p>\n\n\n\n<p><strong>A tag\u00e1llamoknak tov\u00e1bb\u00e1 jog\u00e1ban \u00e1ll, hogy saj\u00e1t joghat\u00f3s\u00e1gukon bel\u00fcl, a vesz\u00e9lyes \u00e1ruk belf\u00f6ldi \u00e9s nemzetk\u00f6zi sz\u00e1ll\u00edt\u00e1s\u00e1ra vonatkoz\u00f3 k\u00fcl\u00f6nleges biztons\u00e1gi k\u00f6vetelm\u00e9nyeket szabjanak.<\/strong> Ez a decentraliz\u00e1lt megk\u00f6zel\u00edt\u00e9s lehet\u0151v\u00e9 teszi a biztons\u00e1gi protokollok testreszab\u00e1s\u00e1t a helyi probl\u00e9m\u00e1k hat\u00e9kony kezel\u00e9se \u00e9rdek\u00e9ben, \u00edgy kieg\u00e9sz\u00edtve az EU \u00e1ltal l\u00e9trehozott sz\u00e9lesebb szab\u00e1lyoz\u00e1si keretet.<\/p>\n\n\n\n<h3 class=\"wp-block-heading\">3. G\u00e1zbiztons\u00e1g a nemzetk\u00f6zi utakon<\/h3>\n\n\n\n<p><strong>A vesz\u00e9lyes \u00e1ruk, k\u00f6zt\u00fck a g\u00e1zok, biztons\u00e1gos nemzetk\u00f6zi sz\u00e1ll\u00edt\u00e1s\u00e1hoz \u00f6sszehangolt m\u00f3dszertanra \u00e9s szab\u00e1lyoz\u00e1sokra van sz\u00fcks\u00e9g.<\/strong><\/p>\n\n\n\n<h4 class=\"wp-block-heading\">Nemzetk\u00f6zi szabv\u00e1nyok<\/h4>\n\n\n\n<p><strong>A vesz\u00e9lyes \u00e1ruk nemzetk\u00f6zi sz\u00e1ll\u00edt\u00e1sa megk\u00f6veteli a biztons\u00e1gi szab\u00e1lyoz\u00e1s egys\u00e9ges, a nemzeti hat\u00e1rokon \u00e1t\u00edvel\u0151 megk\u00f6zel\u00edt\u00e9s\u00e9t.<\/strong> Ennek el\u00e9r\u00e9se \u00e9rdek\u00e9ben egy sor meg\u00e1llapod\u00e1st hoztak l\u00e9tre azzal a c\u00e9llal, hogy a biztons\u00e1gi el\u0151\u00edr\u00e1sokat hat\u00e1rokon \u00e1tny\u00fal\u00f3an harmoniz\u00e1lj\u00e1k.<\/p>\n\n\n\n<p>Ezek a nemzetk\u00f6zi meg\u00e1llapod\u00e1sok a vesz\u00e9lyes \u00e1ruk nemzetk\u00f6zi \u00fatvonalakon val\u00f3 biztons\u00e1gos sz\u00e1ll\u00edt\u00e1s\u00e1nak alapj\u00e1ul szolg\u00e1lnak, el\u0151seg\u00edtve a biztons\u00e1gi protokollok k\u00f6vetkezetess\u00e9g\u00e9t \u00e9s egys\u00e9gess\u00e9g\u00e9t.<\/p>\n\n\n\n<h4 class=\"wp-block-heading\">A kereskedelem el\u0151remozd\u00edt\u00e1sa<\/h4>\n\n\n\n<p><strong>Az egys\u00e9ges biztons\u00e1gi el\u0151\u00edr\u00e1sok megk\u00f6nny\u00edtik a hat\u00e1rokon \u00e1t\u00edvel\u0151 kereskedelmet is.<\/strong> A szab\u00e1lyoz\u00e1sok \u00e9s elj\u00e1r\u00e1sok harmoniz\u00e1l\u00e1s\u00e1val a tag\u00e1llamok olyan k\u00f6rnyezetet teremthetnek, amely el\u0151seg\u00edti az \u00e1ruk &#8211; k\u00f6zt\u00fck a g\u00e1zok &#8211; zavartalan transzportj\u00e1t a tag\u00e1llamok k\u00f6z\u00f6tt. Ez pedig hozz\u00e1j\u00e1rul az EU-n bel\u00fcli gazdas\u00e1gi integr\u00e1ci\u00f3hoz, \u00edgy el\u0151seg\u00edtve a nagyobb versenyt \u00e9s hat\u00e9konys\u00e1got a g\u00e1zsz\u00e1ll\u00edt\u00e1s \u00e1gazat\u00e1ban.<\/p>\n\n\n\n<h4 class=\"wp-block-heading\">F\u0151bb nemzetk\u00f6zi meg\u00e1llapod\u00e1sok<\/h4>\n\n\n\n<p><strong>A vesz\u00e9lyes \u00e1ruk sz\u00e1ll\u00edt\u00e1s\u00e1ra vonatkoz\u00f3 nemzetk\u00f6zi biztons\u00e1gi szabv\u00e1nyok \u00e9lvonal\u00e1ba tartozik a:<\/strong><\/p>\n\n\n\n<ul class=\"wp-block-list\">\n<li>Vesz\u00e9lyes \u00c1ruk Nemzetk\u00f6zi K\u00f6z\u00fati Sz\u00e1ll\u00edt\u00e1s\u00e1r\u00f3l sz\u00f3l\u00f3 Eur\u00f3pai Meg\u00e1llapod\u00e1s (ADR), a<\/li>\n\n\n\n<li>Vesz\u00e9lyes \u00c1ruk Nemzetk\u00f6zi Belv\u00edzi Sz\u00e1ll\u00edt\u00e1s\u00e1r\u00f3l sz\u00f3l\u00f3 Eur\u00f3pai Meg\u00e1llapod\u00e1s (ADN) \u00e9s<\/li>\n\n\n\n<li>a Vesz\u00e9lyes \u00c1ruk Nemzetk\u00f6zi Vas\u00fati Sz\u00e1ll\u00edt\u00e1s\u00e1r\u00f3l sz\u00f3l\u00f3 Meg\u00e1llapod\u00e1s (RID).<\/li>\n<\/ul>\n\n\n\n<p>Ezek a meg\u00e1llapod\u00e1sok \u00e1tfog\u00f3 kereteket biztos\u00edtanak a vesz\u00e9lyes anyagok &#8211; k\u00f6zt\u00fck a g\u00e1zok &#8211; k\u00f6z\u00fati, v\u00edzi \u00e9s vas\u00fati sz\u00e1ll\u00edt\u00e1s\u00e1nak szab\u00e1lyoz\u00e1s\u00e1ra.<\/p>\n\n\n\n<p><strong>A nemzetk\u00f6zi szab\u00e1lyok kiterjeszt\u00e9se az Eur\u00f3pai Uni\u00f3n bel\u00fcli nemzeti k\u00f6zleked\u00e9sre elengedhetetlen a sz\u00e1ll\u00edt\u00e1si piac egys\u00e9gess\u00e9g\u00e9nek \u00e9s hat\u00e9konys\u00e1g\u00e1nak fenntart\u00e1s\u00e1hoz.<\/strong> Az egys\u00e9ges biztons\u00e1gi el\u0151\u00edr\u00e1sok betart\u00e1s\u00e1val cs\u00f6kkenthet\u0151k a kock\u00e1zatok \u00e9s leegyszer\u0171s\u00edthet\u0151 az adminisztr\u00e1ci\u00f3, \u00edgy megk\u00f6nny\u00edtve a hat\u00e1rokon \u00e1tny\u00fal\u00f3 kereskedelmet \u00e9s el\u0151seg\u00edtve a gazdas\u00e1gi n\u00f6veked\u00e9st.<\/p>\n\n\n\n<figure class=\"wp-block-image aligncenter\"><a href=\"https:\/\/pwent.eu\/wp-content\/uploads\/2024\/05\/european-flag-ruffled-beautifully-waving-macro-close-up-shot-scaled.jpeg\"><img decoding=\"async\" src=\"https:\/\/pwent.eu\/wp-content\/uploads\/2024\/05\/european-flag-ruffled-beautifully-waving-macro-close-up-shot-1024x551.jpeg\" alt=\"Nemzeti szinten az uni\u00f3s orsz\u00e1gok tov\u00e1bbra is \u00f6n\u00e1ll\u00f3an d\u00f6nthetnek saj\u00e1t, egyedi g\u00e1zbiztons\u00e1gi szab\u00e1lyoz\u00e1sokr\u00f3l.\" class=\"wp-image-17616\"\/><\/a><\/figure>\n\n\n\n<h4 class=\"wp-block-heading\">Az ADR 2023 szabv\u00e1ny<\/h4>\n\n\n\n<p><strong>Az ADR, vagyis a vesz\u00e9lyes \u00e1ruk nemzetk\u00f6zi k\u00f6z\u00fati sz\u00e1ll\u00edt\u00e1s\u00e1r\u00f3l sz\u00f3l\u00f3 meg\u00e1llapod\u00e1s egy olyan szab\u00e1lyrendszer, amelynek c\u00e9lja a vesz\u00e9lyes anyagok biztons\u00e1gos k\u00f6z\u00fati sz\u00e1ll\u00edt\u00e1s\u00e1nak garant\u00e1l\u00e1sa vil\u00e1gszerte.<\/strong><\/p>\n\n\n\n<p>A meg\u00e1llapod\u00e1st az Egyes\u00fclt Nemzetek Eur\u00f3pai Gazdas\u00e1gi Bizotts\u00e1ga (UNECE) fel\u00fcgyeli, c\u00e9lja pedig, hogy ir\u00e1nymutat\u00e1sokat adjon a vesz\u00e9lyes \u00e1ruk oszt\u00e1lyoz\u00e1s\u00e1ra, csomagol\u00e1s\u00e1ra, c\u00edmk\u00e9z\u00e9s\u00e9re \u00e9s dokument\u00e1l\u00e1s\u00e1ra vonatkoz\u00f3an a sz\u00e1ll\u00edt\u00e1s sor\u00e1n.<\/p>\n\n\n\n<p>A szab\u00e1lyoz\u00e1s ezenk\u00edv\u00fcl biztons\u00e1gi int\u00e9zked\u00e9seket fogalmaz meg a j\u00e1rm\u0171vezet\u0151k, a lakoss\u00e1g \u00e9s a k\u00f6rnyezet v\u00e9delm\u00e9re, a vesz\u00e9lyes anyagok sz\u00e1ll\u00edt\u00e1s\u00e1val kapcsolatos lehets\u00e9ges kock\u00e1zatokkal szemben.<\/p>\n\n\n\n<p><strong>Az ADR 2023 szabv\u00e1nyok betart\u00e1s\u00e1val az orsz\u00e1gok \u00f6sszehangolhatj\u00e1k gyakorlatukat, \u00e9s vil\u00e1gszerte n\u00f6velhetik a vesz\u00e9lyes \u00e1ruk k\u00f6z\u00fati sz\u00e1ll\u00edt\u00e1s\u00e1nak biztons\u00e1g\u00e1t.<\/strong><\/p>\n\n\n\n<h2 class=\"wp-block-heading\">Miben seg\u00edthet a Pwent?<\/h2>\n\n\n\n<p><strong>A Pwent az eur\u00f3pai szabv\u00e1nyoknak megfelel\u0151 g\u00e1zpalackok, \u00e9s a hozz\u00e1juk kapcsol\u00f3d\u00f3 g\u00e9pek sz\u00e9les sk\u00e1l\u00e1j\u00e1t k\u00edn\u00e1lja, a biztons\u00e1gos megold\u00e1sok ir\u00e1nt elk\u00f6telezett gy\u00e1rt\u00f3, valamint szervizel\u0151 v\u00e1llalatok sz\u00e1m\u00e1ra.<\/strong><\/p>\n\n\n\n<p><a href=\"https:\/\/pwent.eu\/kateg%C3%B3ria\/termekek\/gazpalack\/\">G\u00e1zpalack k\u00edn\u00e1latunk<\/a> tartalmazza a palackok \u00e9s t\u0171zolt\u00f3 k\u00e9sz\u00fcl\u00e9kek fel\u00faj\u00edt\u00e1s\u00e1ra szolg\u00e1l\u00f3 g\u00e9peket \u00e9s szolg\u00e1ltat\u00e1sokat, mint p\u00e9ld\u00e1ul a palackok tesztel\u00e9se, szelepszerel\u0151 g\u00e9pek, a g\u00e1zell\u00e1t\u00f3 \u00e9s -ut\u00e1nt\u00f6lt\u0151 rendszerek, valamint az <a href=\"https:\/\/pwent.eu\/kateg%C3%B3ria\/termekek\/trailer-kontener\/\">ISO kont\u00e9nerek g\u00e1zsz\u00e1ll\u00edt\u00e1shoz<\/a>.<\/p>\n\n\n\n<p>A Pwent elk\u00f6telezett az ISO 11115 szabv\u00e1nynak megfelel\u0151, biztons\u00e1gos <a href=\"https:\/\/pwent.eu\/a-gazpalackok-jelentosege-a-kulonbozo-iparagakban\/\">g\u00e1zpalackok haszn\u00e1lata<\/a> mellett, tov\u00e1bb\u00e1 prioriz\u00e1ljuk a leg\u00fajabb technol\u00f3gi\u00e1k integr\u00e1l\u00e1s\u00e1t, illetve a term\u00e9kpaletta folyamatos b\u0151v\u00edt\u00e9s\u00e9t is. C\u00e9g\u00fcnk t\u00f6bb \u00fczleti ter\u00fcleten is akt\u00edv, a g\u00e1zpalackk\u00f6tegek \u00e9s raklapok gy\u00e1rt\u00e1s\u00e1t\u00f3l, a tart\u00e1lyok \u00e9s t\u0171zolt\u00f3 k\u00e9sz\u00fcl\u00e9kek g\u00e9peinek tesztel\u00e9s\u00e9n \u00e1t, eg\u00e9szen azok fel\u00faj\u00edt\u00e1s\u00e1ig. Emellett foglalkozunk a t\u0171zolt\u00f3szerek, k\u00f6zt\u00fck a porral olt\u00f3 t\u0171zolt\u00f3 k\u00e9sz\u00fcl\u00e9kek, a CO2 t\u0171zolt\u00f3 k\u00e9sz\u00fcl\u00e9kek \u00e9s a vegyi anyagok kezel\u00e9s\u00e9vel \u00e9s tesztel\u00e9s\u00e9vel is.<\/p>\n\n\n\n<h2 class=\"wp-block-heading\">\u00d6sszegz\u00e9s<\/h2>\n\n\n\n<p>A nemzetk\u00f6zi \u00e9rv\u00e9ny\u0171 szabv\u00e1nyok \u00e9s szab\u00e1lyoz\u00e1sok elengedhetetlenek a megfelel\u0151 <a href=\"https:\/\/energy.ec.europa.eu\/topics\/markets-and-consumers\/wholesale-energy-market\/gas-quality-harmonisation_en\">g\u00e1zbiztons\u00e1g \u00e9s min\u0151s\u00e9g<\/a> fenntart\u00e1s\u00e1ban, hiszen biztos\u00edtj\u00e1k a lehets\u00e9ges balesetek, k\u00f6rnyezetszennyez\u00e9s \u00e9s s\u00e9r\u00fcl\u00e9sek elker\u00fcl\u00e9s\u00e9t.<\/p>\n\n\n\n<p>Az olyan el\u0151\u00edr\u00e1sok, mint az ADR szabv\u00e1ny vagy az ISO 11114 a g\u00e1zpalackok min\u0151s\u00e9g\u00e9nek biztons\u00e1gos sz\u00e1ll\u00edt\u00e1s\u00e1nak szab\u00e1lyoz\u00e1s\u00e1val j\u00e1rulnak hozz\u00e1 az ipar\u00e1g megb\u00edzhat\u00f3s\u00e1g\u00e1hoz, valamint a nemzetk\u00f6zi kereskedelem hat\u00e9konys\u00e1g\u00e1hoz.<\/p>","protected":false},"excerpt":{"rendered":"<p>A g\u00e1zbiztons\u00e1gi szabv\u00e1nyok \u00e9s szab\u00e1lyoz\u00e1sok elengedhetetlen szerepet j\u00e1tszanak a g\u00e1zsz\u00e1ll\u00edt\u00e1si \u00e1gazatban. Ezek az el\u0151\u00edr\u00e1sok biztos\u00edtj\u00e1k a lehets\u00e9ges balesetek, a k\u00f6rnyezetszennyez\u00e9s \u00e9s a s\u00e9r\u00fcl\u00e9sek elker\u00fcl\u00e9s\u00e9t, mik\u00f6zben hozz\u00e1j\u00e1rulnak a szektor hat\u00e9kony \u00e9s megb\u00edzhat\u00f3 m\u0171k\u00f6d\u00e9s\u00e9hez. Cikk\u00fcnkben az orsz\u00e1gos \u00e9s nemzetk\u00f6zi g\u00e1zsz\u00e1ll\u00edt\u00e1s legfontosabb szab\u00e1lyoz\u00e1sait tekintj\u00fck \u00e1t. A nemzetk\u00f6zi g\u00e1zbiztons\u00e1gi \u00e9s kezel\u00e9si szab\u00e1lyoz\u00e1sok az \u00e1gazat kiegyens\u00falyozott n\u00f6veked\u00e9s\u00e9nek \u00e9s biztons\u00e1gos m\u0171k\u00f6d\u00e9s\u00e9nek [&hellip;]<\/p>\n","protected":false},"author":1,"featured_media":1716,"menu_order":0,"template":"","tudasbazis_kategoria":[238],"tudasbazis_cimke":[],"class_list":["post-1715","tudasbazis","type-tudasbazis","status-publish","has-post-thumbnail","hentry","tudasbazis_kategoria-gazpalack"],"_links":{"self":[{"href":"https:\/\/pwent.lionstackailab.hu\/en\/wp-json\/wp\/v2\/tudasbazis\/1715","targetHints":{"allow":["GET"]}}],"collection":[{"href":"https:\/\/pwent.lionstackailab.hu\/en\/wp-json\/wp\/v2\/tudasbazis"}],"about":[{"href":"https:\/\/pwent.lionstackailab.hu\/en\/wp-json\/wp\/v2\/types\/tudasbazis"}],"author":[{"embeddable":true,"href":"https:\/\/pwent.lionstackailab.hu\/en\/wp-json\/wp\/v2\/users\/1"}],"version-history":[{"count":1,"href":"https:\/\/pwent.lionstackailab.hu\/en\/wp-json\/wp\/v2\/tudasbazis\/1715\/revisions"}],"predecessor-version":[{"id":1717,"href":"https:\/\/pwent.lionstackailab.hu\/en\/wp-json\/wp\/v2\/tudasbazis\/1715\/revisions\/1717"}],"wp:featuredmedia":[{"embeddable":true,"href":"https:\/\/pwent.lionstackailab.hu\/en\/wp-json\/wp\/v2\/media\/1716"}],"wp:attachment":[{"href":"https:\/\/pwent.lionstackailab.hu\/en\/wp-json\/wp\/v2\/media?parent=1715"}],"wp:term":[{"taxonomy":"tudasbazis_kategoria","embeddable":true,"href":"https:\/\/pwent.lionstackailab.hu\/en\/wp-json\/wp\/v2\/tudasbazis_kategoria?post=1715"},{"taxonomy":"tudasbazis_cimke","embeddable":true,"href":"https:\/\/pwent.lionstackailab.hu\/en\/wp-json\/wp\/v2\/tudasbazis_cimke?post=1715"}],"curies":[{"name":"wp","href":"https:\/\/api.w.org\/{rel}","templated":true}]}}